{"id":216,"date":"2025-07-20T20:22:44","date_gmt":"2025-07-20T18:22:44","guid":{"rendered":"https:\/\/blogs.internetallee.de\/martin\/?post_type=portfolio&#038;p=216"},"modified":"2025-07-20T20:24:25","modified_gmt":"2025-07-20T18:24:25","slug":"koelscher-liedernachmittag","status":"publish","type":"portfolio","link":"https:\/\/blogs.internetallee.de\/martin\/portfolio\/koelscher-liedernachmittag\/","title":{"rendered":"K\u00f6lscher Liedernachmittag"},"content":{"rendered":"\n<p>Eine weitere meiner musikalischen Leidenschaften geh\u00f6rt dem k\u00f6lschen Lied. Das hat sicher damit zu tun, dass ich zu Hause damit aufgewachsen bin. Mein Vater, ein waschechter K\u00f6lscher, bekam jedes Jahr zu Weihnachten die neue \u201eBl\u00e4ck F\u00f6\u00f6ss\u201c &#8211; Platte geschenkt (die zuf\u00e4lligerweise immer kurz vor Weihnachten ver\u00f6ffentlicht wurde), die ich als Kind dann \u201erund\u201c h\u00f6rte und sp\u00e4testens im folgenden Januar auswendig mitsingen konnte.<br>Aber dies ist nur ein Beispiel: das K\u00f6lsche in Text und Ton hat es mir angetan und ich gestalte seit vielen Jahren k\u00f6lsche Liedernachmittage in Seniorenheimen, Nachbarschaftszentren, Begegnungsst\u00e4tten und bei privaten Gelegenheiten. Dabei erz\u00e4hle ich Anekdoten und alles, was ich so rund um das Thema und die einzelnen Lieder wei\u00df. Manchmal erfahre ich hier im Austausch mit dem Publikum auch Neues\u2026<br>Am liebsten singe ich un- oder nur leicht verst\u00e4rkt und begleite mich selbst auf der akustischen Gitarre, nah bei den Menschen, im pers\u00f6nlichen Austausch. Gerne gehe ich auf W\u00fcnsche ein.<\/p>\n","protected":false},"excerpt":{"rendered":"<p>Eine weitere meiner musikalischen Leidenschaften geh\u00f6rt dem k\u00f6lschen Lied. Das hat sicher damit zu tun, dass ich zu Hause damit aufgewachsen bin. Mein Vater, ein waschechter K\u00f6lscher, bekam jedes Jahr zu Weihnachten die neue \u201eBl\u00e4ck F\u00f6\u00f6ss\u201c &#8211; Platte geschenkt (die zuf\u00e4lligerweise immer kurz vor Weihnachten ver\u00f6ffentlicht wurde), die ich als Kind dann \u201erund\u201c h\u00f6rte und &hellip;<\/p>\n","protected":false},"author":4,"featured_media":217,"menu_order":0,"comment_status":"closed","ping_status":"closed","template":"","format":"standard","meta":{"_vp_format_video_url":"","_vp_image_focal_point":[],"footnotes":""},"portfolio_category":[],"portfolio_tag":[],"class_list":["post-216","portfolio","type-portfolio","status-publish","format-standard","has-post-thumbnail","hentry"],"yoast_head":"<!-- This site is optimized with the Yoast SEO plugin v27.4 - https:\/\/yoast.com\/product\/yoast-seo-wordpress\/ -->\n<title>K\u00f6lscher Liedernachmittag |<\/title>\n<meta name=\"robots\" content=\"index, follow, max-snippet:-1, max-image-preview:large, max-video-preview:-1\" \/>\n<link rel=\"canonical\" href=\"https:\/\/blogs.internetallee.de\/martin\/portfolio\/koelscher-liedernachmittag\/\" \/>\n<meta property=\"og:locale\" content=\"de_DE\" \/>\n<meta property=\"og:type\" content=\"article\" \/>\n<meta property=\"og:title\" content=\"K\u00f6lscher Liedernachmittag |\" \/>\n<meta property=\"og:description\" content=\"Eine weitere meiner musikalischen Leidenschaften geh\u00f6rt dem k\u00f6lschen Lied. Das hat sicher damit zu tun, dass ich zu Hause damit aufgewachsen bin. Mein Vater, ein waschechter K\u00f6lscher, bekam jedes Jahr zu Weihnachten die neue \u201eBl\u00e4ck F\u00f6\u00f6ss\u201c &#8211; Platte geschenkt (die zuf\u00e4lligerweise immer kurz vor Weihnachten ver\u00f6ffentlicht wurde), die ich als Kind dann \u201erund\u201c h\u00f6rte und &hellip;\" \/>\n<meta property=\"og:url\" content=\"https:\/\/blogs.internetallee.de\/martin\/portfolio\/koelscher-liedernachmittag\/\" \/>\n<meta property=\"article:modified_time\" content=\"2025-07-20T18:24:25+00:00\" \/>\n<meta property=\"og:image\" content=\"https:\/\/blogs.internetallee.de\/martin\/files\/2025\/07\/rob-hall-oA84977yNx0-unsplash-scaled.jpg\" \/>\n\t<meta property=\"og:image:width\" content=\"2560\" \/>\n\t<meta property=\"og:image:height\" content=\"1707\" \/>\n\t<meta property=\"og:image:type\" content=\"image\/jpeg\" \/>\n<meta name=\"twitter:card\" content=\"summary_large_image\" \/>\n<meta name=\"twitter:label1\" content=\"Gesch\u00e4tzte Lesezeit\" \/>\n\t<meta name=\"twitter:data1\" content=\"1\u00a0Minute\" \/>\n<script type=\"application\/ld+json\" class=\"yoast-schema-graph\">{\"@context\":\"https:\\\/\\\/schema.org\",\"@graph\":[{\"@type\":\"WebPage\",\"@id\":\"https:\\\/\\\/blogs.internetallee.de\\\/martin\\\/portfolio\\\/koelscher-liedernachmittag\\\/\",\"url\":\"https:\\\/\\\/blogs.internetallee.de\\\/martin\\\/portfolio\\\/koelscher-liedernachmittag\\\/\",\"name\":\"K\u00f6lscher Liedernachmittag |\",\"isPartOf\":{\"@id\":\"https:\\\/\\\/blogs.internetallee.de\\\/martin\\\/#website\"},\"primaryImageOfPage\":{\"@id\":\"https:\\\/\\\/blogs.internetallee.de\\\/martin\\\/portfolio\\\/koelscher-liedernachmittag\\\/#primaryimage\"},\"image\":{\"@id\":\"https:\\\/\\\/blogs.internetallee.de\\\/martin\\\/portfolio\\\/koelscher-liedernachmittag\\\/#primaryimage\"},\"thumbnailUrl\":\"https:\\\/\\\/blogs.internetallee.de\\\/martin\\\/files\\\/2025\\\/07\\\/rob-hall-oA84977yNx0-unsplash-scaled.jpg\",\"datePublished\":\"2025-07-20T18:22:44+00:00\",\"dateModified\":\"2025-07-20T18:24:25+00:00\",\"breadcrumb\":{\"@id\":\"https:\\\/\\\/blogs.internetallee.de\\\/martin\\\/portfolio\\\/koelscher-liedernachmittag\\\/#breadcrumb\"},\"inLanguage\":\"de\",\"potentialAction\":[{\"@type\":\"ReadAction\",\"target\":[\"https:\\\/\\\/blogs.internetallee.de\\\/martin\\\/portfolio\\\/koelscher-liedernachmittag\\\/\"]}]},{\"@type\":\"ImageObject\",\"inLanguage\":\"de\",\"@id\":\"https:\\\/\\\/blogs.internetallee.de\\\/martin\\\/portfolio\\\/koelscher-liedernachmittag\\\/#primaryimage\",\"url\":\"https:\\\/\\\/blogs.internetallee.de\\\/martin\\\/files\\\/2025\\\/07\\\/rob-hall-oA84977yNx0-unsplash-scaled.jpg\",\"contentUrl\":\"https:\\\/\\\/blogs.internetallee.de\\\/martin\\\/files\\\/2025\\\/07\\\/rob-hall-oA84977yNx0-unsplash-scaled.jpg\",\"width\":2560,\"height\":1707},{\"@type\":\"BreadcrumbList\",\"@id\":\"https:\\\/\\\/blogs.internetallee.de\\\/martin\\\/portfolio\\\/koelscher-liedernachmittag\\\/#breadcrumb\",\"itemListElement\":[{\"@type\":\"ListItem\",\"position\":1,\"name\":\"Startseite\",\"item\":\"https:\\\/\\\/blogs.internetallee.de\\\/martin\\\/\"},{\"@type\":\"ListItem\",\"position\":2,\"name\":\"Portfolio\",\"item\":\"https:\\\/\\\/blogs.internetallee.de\\\/martin\\\/portfolio\\\/\"},{\"@type\":\"ListItem\",\"position\":3,\"name\":\"K\u00f6lscher Liedernachmittag\"}]},{\"@type\":\"WebSite\",\"@id\":\"https:\\\/\\\/blogs.internetallee.de\\\/martin\\\/#website\",\"url\":\"https:\\\/\\\/blogs.internetallee.de\\\/martin\\\/\",\"name\":\"\",\"description\":\"\",\"potentialAction\":[{\"@type\":\"SearchAction\",\"target\":{\"@type\":\"EntryPoint\",\"urlTemplate\":\"https:\\\/\\\/blogs.internetallee.de\\\/martin\\\/?s={search_term_string}\"},\"query-input\":{\"@type\":\"PropertyValueSpecification\",\"valueRequired\":true,\"valueName\":\"search_term_string\"}}],\"inLanguage\":\"de\"}]}<\/script>\n<!-- \/ Yoast SEO plugin. -->","yoast_head_json":{"title":"K\u00f6lscher Liedernachmittag |","robots":{"index":"index","follow":"follow","max-snippet":"max-snippet:-1","max-image-preview":"max-image-preview:large","max-video-preview":"max-video-preview:-1"},"canonical":"https:\/\/blogs.internetallee.de\/martin\/portfolio\/koelscher-liedernachmittag\/","og_locale":"de_DE","og_type":"article","og_title":"K\u00f6lscher Liedernachmittag |","og_description":"Eine weitere meiner musikalischen Leidenschaften geh\u00f6rt dem k\u00f6lschen Lied. Das hat sicher damit zu tun, dass ich zu Hause damit aufgewachsen bin. Mein Vater, ein waschechter K\u00f6lscher, bekam jedes Jahr zu Weihnachten die neue \u201eBl\u00e4ck F\u00f6\u00f6ss\u201c &#8211; Platte geschenkt (die zuf\u00e4lligerweise immer kurz vor Weihnachten ver\u00f6ffentlicht wurde), die ich als Kind dann \u201erund\u201c h\u00f6rte und &hellip;","og_url":"https:\/\/blogs.internetallee.de\/martin\/portfolio\/koelscher-liedernachmittag\/","article_modified_time":"2025-07-20T18:24:25+00:00","og_image":[{"width":2560,"height":1707,"url":"https:\/\/blogs.internetallee.de\/martin\/files\/2025\/07\/rob-hall-oA84977yNx0-unsplash-scaled.jpg","type":"image\/jpeg"}],"twitter_card":"summary_large_image","twitter_misc":{"Gesch\u00e4tzte Lesezeit":"1\u00a0Minute"},"schema":{"@context":"https:\/\/schema.org","@graph":[{"@type":"WebPage","@id":"https:\/\/blogs.internetallee.de\/martin\/portfolio\/koelscher-liedernachmittag\/","url":"https:\/\/blogs.internetallee.de\/martin\/portfolio\/koelscher-liedernachmittag\/","name":"K\u00f6lscher Liedernachmittag |","isPartOf":{"@id":"https:\/\/blogs.internetallee.de\/martin\/#website"},"primaryImageOfPage":{"@id":"https:\/\/blogs.internetallee.de\/martin\/portfolio\/koelscher-liedernachmittag\/#primaryimage"},"image":{"@id":"https:\/\/blogs.internetallee.de\/martin\/portfolio\/koelscher-liedernachmittag\/#primaryimage"},"thumbnailUrl":"https:\/\/blogs.internetallee.de\/martin\/files\/2025\/07\/rob-hall-oA84977yNx0-unsplash-scaled.jpg","datePublished":"2025-07-20T18:22:44+00:00","dateModified":"2025-07-20T18:24:25+00:00","breadcrumb":{"@id":"https:\/\/blogs.internetallee.de\/martin\/portfolio\/koelscher-liedernachmittag\/#breadcrumb"},"inLanguage":"de","potentialAction":[{"@type":"ReadAction","target":["https:\/\/blogs.internetallee.de\/martin\/portfolio\/koelscher-liedernachmittag\/"]}]},{"@type":"ImageObject","inLanguage":"de","@id":"https:\/\/blogs.internetallee.de\/martin\/portfolio\/koelscher-liedernachmittag\/#primaryimage","url":"https:\/\/blogs.internetallee.de\/martin\/files\/2025\/07\/rob-hall-oA84977yNx0-unsplash-scaled.jpg","contentUrl":"https:\/\/blogs.internetallee.de\/martin\/files\/2025\/07\/rob-hall-oA84977yNx0-unsplash-scaled.jpg","width":2560,"height":1707},{"@type":"BreadcrumbList","@id":"https:\/\/blogs.internetallee.de\/martin\/portfolio\/koelscher-liedernachmittag\/#breadcrumb","itemListElement":[{"@type":"ListItem","position":1,"name":"Startseite","item":"https:\/\/blogs.internetallee.de\/martin\/"},{"@type":"ListItem","position":2,"name":"Portfolio","item":"https:\/\/blogs.internetallee.de\/martin\/portfolio\/"},{"@type":"ListItem","position":3,"name":"K\u00f6lscher Liedernachmittag"}]},{"@type":"WebSite","@id":"https:\/\/blogs.internetallee.de\/martin\/#website","url":"https:\/\/blogs.internetallee.de\/martin\/","name":"","description":"","potentialAction":[{"@type":"SearchAction","target":{"@type":"EntryPoint","urlTemplate":"https:\/\/blogs.internetallee.de\/martin\/?s={search_term_string}"},"query-input":{"@type":"PropertyValueSpecification","valueRequired":true,"valueName":"search_term_string"}}],"inLanguage":"de"}]}},"_links":{"self":[{"href":"https:\/\/blogs.internetallee.de\/martin\/wp-json\/wp\/v2\/portfolio\/216","targetHints":{"allow":["GET"]}}],"collection":[{"href":"https:\/\/blogs.internetallee.de\/martin\/wp-json\/wp\/v2\/portfolio"}],"about":[{"href":"https:\/\/blogs.internetallee.de\/martin\/wp-json\/wp\/v2\/types\/portfolio"}],"author":[{"embeddable":true,"href":"https:\/\/blogs.internetallee.de\/martin\/wp-json\/wp\/v2\/users\/4"}],"replies":[{"embeddable":true,"href":"https:\/\/blogs.internetallee.de\/martin\/wp-json\/wp\/v2\/comments?post=216"}],"version-history":[{"count":1,"href":"https:\/\/blogs.internetallee.de\/martin\/wp-json\/wp\/v2\/portfolio\/216\/revisions"}],"predecessor-version":[{"id":218,"href":"https:\/\/blogs.internetallee.de\/martin\/wp-json\/wp\/v2\/portfolio\/216\/revisions\/218"}],"wp:featuredmedia":[{"embeddable":true,"href":"https:\/\/blogs.internetallee.de\/martin\/wp-json\/wp\/v2\/media\/217"}],"wp:attachment":[{"href":"https:\/\/blogs.internetallee.de\/martin\/wp-json\/wp\/v2\/media?parent=216"}],"wp:term":[{"taxonomy":"portfolio_category","embeddable":true,"href":"https:\/\/blogs.internetallee.de\/martin\/wp-json\/wp\/v2\/portfolio_category?post=216"},{"taxonomy":"portfolio_tag","embeddable":true,"href":"https:\/\/blogs.internetallee.de\/martin\/wp-json\/wp\/v2\/portfolio_tag?post=216"}],"curies":[{"name":"wp","href":"https:\/\/api.w.org\/{rel}","templated":true}]}}